{"id":3979,"date":"2020-06-23T20:35:04","date_gmt":"2020-06-23T18:35:04","guid":{"rendered":"https:\/\/wohnbau-weilheim.de\/?page_id=3979"},"modified":"2024-06-25T09:33:15","modified_gmt":"2024-06-25T07:33:15","slug":"geschichte","status":"publish","type":"page","link":"https:\/\/wohnbau-weilheim.de\/en\/u%cc%88ber-uns\/geschichte\/","title":{"rendered":"Geschichte"},"content":{"rendered":"\n<br class=\"clear\">\n\n\n\n<h2 class=\"wp-block-heading\"><strong>history<\/strong><\/h2>\n\n\n\n<br class=\"clear\">\n\n\n\n<br class=\"clear\">\n\n\n\n<div class=\"wp-block-buttons is-layout-flex wp-block-buttons-is-layout-flex\">\n<div class=\"wp-block-button\"><a class=\"wp-block-button__link has-very-dark-gray-color has-text-color has-background wp-element-button\" href=\"#zeitraum1946-1949\" style=\"background-color:#d9ead3\">1946 &#8211; 1949<\/a><\/div>\n\n\n\n<div class=\"wp-block-button\"><a class=\"wp-block-button__link has-very-dark-gray-color has-text-color has-background wp-element-button\" href=\"#zeitraum1949-1959\" style=\"background-color:#d9ead3\">1950 &#8211; 1959<\/a><\/div>\n\n\n\n<div class=\"wp-block-button\"><a class=\"wp-block-button__link has-very-dark-gray-color has-text-color has-background wp-element-button\" href=\"#zeitraum1959-1969\" style=\"background-color:#d9ead3\">1960 &#8211; 1969<\/a><\/div>\n\n\n\n<div class=\"wp-block-button\"><a class=\"wp-block-button__link has-very-dark-gray-color has-text-color has-background wp-element-button\" href=\"#zeitraum1969-1979\" style=\"background-color:#d9ead3\">1970 &#8211; 1979<\/a><\/div>\n\n\n\n<div class=\"wp-block-button\"><a class=\"wp-block-button__link has-very-dark-gray-color has-text-color has-background wp-element-button\" href=\"#zeitraum1979-1989\" style=\"background-color:#d9ead3\">1980 &#8211; 1989<\/a><\/div>\n\n\n\n<div class=\"wp-block-button\"><a class=\"wp-block-button__link has-very-dark-gray-color has-text-color has-background wp-element-button\" href=\"#zeitraum1989-1999\" style=\"background-color:#d9ead3\">1990 &#8211; 1999<\/a><\/div>\n\n\n\n<div class=\"wp-block-button\"><a class=\"wp-block-button__link has-very-dark-gray-color has-text-color has-background wp-element-button\" href=\"#zeitraum2000-2009\" style=\"background-color:#d9ead3\">2000 &#8211; 2009<\/a><\/div>\n\n\n\n<div class=\"wp-block-button\"><a class=\"wp-block-button__link has-very-dark-gray-color has-text-color has-background wp-element-button\" href=\"#zeitraum2010-2019\" style=\"background-color:#d9ead3\">2010 &#8211; 2019<\/a><\/div>\n\n\n\n<div class=\"wp-block-button\"><a class=\"wp-block-button__link has-very-dark-gray-color has-text-color has-background wp-element-button\" href=\"#zeitraum2020-2029\" style=\"background-color:#d9ead3\">2020 &#8211; 2029<\/a><\/div>\n<\/div>\n\n\n\n<p>&nbsp;<\/p>\n\n\n\n<p>&nbsp;<\/p>\n\n\n\n<figure class=\"wp-block-table\"><table><tbody><tr><td class=\"has-text-align-left\" data-align=\"left\"><p style=\"font-size:26px\"><strong><a id=\"zeitraum2020-2029\"><\/a>2020 &#8211; until today<\/strong><\/p><\/td><td class=\"has-text-align-left\" data-align=\"left\"><p style=\"font-size:26px\">65 apartments built<\/p><\/td><\/tr><tr><td class=\"has-text-align-left\" data-align=\"left\">2022<\/td><td class=\"has-text-align-left\" data-align=\"left\">Groundbreaking ceremony Barbarahof, Pei\u00dfenberg<\/td><\/tr><tr><td class=\"has-text-align-left\" data-align=\"left\">2022<\/td><td class=\"has-text-align-left\" data-align=\"left\">Completion and occupation Adalbert-Stifter-Stra\u00dfe, Murnau with 30 EoF flats<\/td><\/tr><tr><td class=\"has-text-align-left\" data-align=\"left\">2020<\/td><td class=\"has-text-align-left\" data-align=\"left\">move-in at Gustavstra\u00dfe, Penzberg with 23 apartments<\/td><\/tr><tr><td class=\"has-text-align-left\" data-align=\"left\">2020<\/td><td class=\"has-text-align-left\" data-align=\"left\">move-in at Adalbert-Stifter-Stra\u00dfe, Murnau with 12 apartments<\/td><\/tr><tr><td class=\"has-text-align-left\" data-align=\"left\">2020<\/td><td class=\"has-text-align-left\" data-align=\"left\">partial change of shareholder representatives due to election of new mayors<\/td><\/tr><\/tbody><\/table><\/figure>\n\n\n\n<p>&nbsp;<\/p>\n\n\n\n<div class=\"wp-block-columns is-layout-flex wp-container-core-columns-is-layout-1 wp-block-columns-is-layout-flex\">\n<div class=\"wp-block-column is-layout-flow wp-block-column-is-layout-flow\">\n<figure class=\"wp-block-image size-large\"><img loading=\"lazy\" decoding=\"async\" width=\"1024\" height=\"576\" src=\"https:\/\/wohnbau-weilheim.de\/wp-content\/uploads\/2020\/05\/Gustavstra\u00dfe-Penzberg-1024x576.jpg\" alt=\"\" class=\"wp-image-5304\" style=\"aspect-ratio:4\/3;object-fit:cover\" srcset=\"https:\/\/wohnbau-weilheim.de\/wp-content\/uploads\/2020\/05\/Gustavstra\u00dfe-Penzberg-1024x576.jpg 1024w, https:\/\/wohnbau-weilheim.de\/wp-content\/uploads\/2020\/05\/Gustavstra\u00dfe-Penzberg-300x169.jpg 300w, https:\/\/wohnbau-weilheim.de\/wp-content\/uploads\/2020\/05\/Gustavstra\u00dfe-Penzberg-768x432.jpg 768w, https:\/\/wohnbau-weilheim.de\/wp-content\/uploads\/2020\/05\/Gustavstra\u00dfe-Penzberg.jpg 1387w\" sizes=\"(max-width: 1024px) 100vw, 1024px\" \/><\/figure>\n<\/div>\n\n\n\n<div class=\"wp-block-column is-layout-flow wp-block-column-is-layout-flow\">\n<figure class=\"wp-block-image size-large\"><img loading=\"lazy\" decoding=\"async\" width=\"1024\" height=\"768\" src=\"https:\/\/wohnbau-weilheim.de\/wp-content\/uploads\/2020\/09\/IMG_5843-k-1024x768.jpg\" alt=\"\" class=\"wp-image-6136\" style=\"aspect-ratio:4\/3;object-fit:cover\" srcset=\"https:\/\/wohnbau-weilheim.de\/wp-content\/uploads\/2020\/09\/IMG_5843-k-1024x768.jpg 1024w, https:\/\/wohnbau-weilheim.de\/wp-content\/uploads\/2020\/09\/IMG_5843-k-300x225.jpg 300w, https:\/\/wohnbau-weilheim.de\/wp-content\/uploads\/2020\/09\/IMG_5843-k-768x576.jpg 768w, https:\/\/wohnbau-weilheim.de\/wp-content\/uploads\/2020\/09\/IMG_5843-k-1536x1152.jpg 1536w, https:\/\/wohnbau-weilheim.de\/wp-content\/uploads\/2020\/09\/IMG_5843-k-1440x1080.jpg 1440w, https:\/\/wohnbau-weilheim.de\/wp-content\/uploads\/2020\/09\/IMG_5843-k.jpg 1632w\" sizes=\"(max-width: 1024px) 100vw, 1024px\" \/><\/figure>\n<\/div>\n<\/div>\n\n\n\n<p>&nbsp;<\/p>\n\n\n\n<p>&nbsp;<\/p>\n\n\n\n<figure class=\"wp-block-table\"><table><tbody><tr><td class=\"has-text-align-left\" data-align=\"left\"><p style=\"font-size:26px\"><strong><a id=\"zeitraum2010-2019\"><\/a>2010 &#8211; 2019<\/strong><\/p><p>&nbsp;<\/p><\/td><td class=\"has-text-align-left\" data-align=\"left\"><p style=\"font-size:26px\"><a id=\"zeitraum2010-2019\" class=\"_mPS2id-t mPS2id-target mPS2id-target-last\"><\/a>117 apartments built<\/p><p>&nbsp;<\/p><\/td><\/tr><tr><td class=\"has-text-align-left\" data-align=\"left\">2019<\/td><td class=\"has-text-align-left\" data-align=\"left\">70 years of Wohnbau GmbH Weilheim<\/td><\/tr><tr><td class=\"has-text-align-left\" data-align=\"left\">2019<\/td><td class=\"has-text-align-left\" data-align=\"left\">new building at Gustavstra\u00dfe, Penzberg with 23 apartments<\/td><\/tr><tr><td class=\"has-text-align-left\" data-align=\"left\">2019<\/td><td class=\"has-text-align-left\" data-align=\"left\">new building at Adalbert-Stifter-Stra\u00dfe, Murnau with 12 apartments<\/td><\/tr><tr><td class=\"has-text-align-left\" data-align=\"left\">2018<\/td><td class=\"has-text-align-left\" data-align=\"left\">new building at Lindenpark, Weilheim with 36 new apartments<\/td><\/tr><tr><td class=\"has-text-align-left\" data-align=\"left\">2017<\/td><td class=\"has-text-align-left\" data-align=\"left\">new building at Hohenberger Stra\u00dfe, Seeshaupt with 5 new apartments<\/td><\/tr><tr><td class=\"has-text-align-left\" data-align=\"left\">2016<\/td><td class=\"has-text-align-left\" data-align=\"left\">new building at Seeseitener Stra\u00dfe, Seeshaupt with 11 apartments<\/td><\/tr><tr><td class=\"has-text-align-left\" data-align=\"left\">2015<\/td><td class=\"has-text-align-left\" data-align=\"left\">new building at Saalangerstra\u00dfe, Penzberg with 8 apartments<\/td><\/tr><tr><td class=\"has-text-align-left\" data-align=\"left\">2013<\/td><td class=\"has-text-align-left\" data-align=\"left\">new building at Wessobrunner Stra\u00dfe, Weilheim with 22 apartments<\/td><\/tr><tr><td class=\"has-text-align-left\" data-align=\"left\">2011<\/td><td class=\"has-text-align-left\" data-align=\"left\">acquisition of the Barbarahof residential complex, Pei\u00dfenberg<\/td><\/tr><\/tbody><\/table><\/figure>\n\n\n\n<div class=\"wp-block-columns is-layout-flex wp-container-core-columns-is-layout-2 wp-block-columns-is-layout-flex\">\n<div class=\"wp-block-column is-layout-flow wp-block-column-is-layout-flow\" style=\"flex-basis:13.5%\"><\/div>\n\n\n\n<div class=\"wp-block-column is-layout-flow wp-block-column-is-layout-flow\" style=\"flex-basis:79.9%\"><\/div>\n<\/div>\n\n\n\n<p>&nbsp;<\/p>\n\n\n\n<div class=\"wp-block-columns is-layout-flex wp-container-core-columns-is-layout-3 wp-block-columns-is-layout-flex\">\n<div class=\"wp-block-column is-layout-flow wp-block-column-is-layout-flow\">\n<figure class=\"wp-block-image size-large\"><img loading=\"lazy\" decoding=\"async\" width=\"1024\" height=\"768\" src=\"https:\/\/wohnbau-weilheim.de\/wp-content\/uploads\/2020\/05\/Hohenberger-Seeshaupt-1024x768.jpg\" alt=\"\" class=\"wp-image-5305\" style=\"aspect-ratio:4\/3;object-fit:cover\" srcset=\"https:\/\/wohnbau-weilheim.de\/wp-content\/uploads\/2020\/05\/Hohenberger-Seeshaupt-1024x768.jpg 1024w, https:\/\/wohnbau-weilheim.de\/wp-content\/uploads\/2020\/05\/Hohenberger-Seeshaupt-300x225.jpg 300w, https:\/\/wohnbau-weilheim.de\/wp-content\/uploads\/2020\/05\/Hohenberger-Seeshaupt-768x576.jpg 768w, https:\/\/wohnbau-weilheim.de\/wp-content\/uploads\/2020\/05\/Hohenberger-Seeshaupt.jpg 1386w\" sizes=\"(max-width: 1024px) 100vw, 1024px\" \/><\/figure>\n<\/div>\n\n\n\n<div class=\"wp-block-column is-layout-flow wp-block-column-is-layout-flow\">\n<figure class=\"wp-block-image size-large\"><img loading=\"lazy\" decoding=\"async\" width=\"1024\" height=\"682\" src=\"https:\/\/wohnbau-weilheim.de\/wp-content\/uploads\/2020\/05\/Lindenpark-Weilheim-1024x682.jpg\" alt=\"\" class=\"wp-image-5306\" style=\"aspect-ratio:4\/3;object-fit:cover\" srcset=\"https:\/\/wohnbau-weilheim.de\/wp-content\/uploads\/2020\/05\/Lindenpark-Weilheim-1024x682.jpg 1024w, https:\/\/wohnbau-weilheim.de\/wp-content\/uploads\/2020\/05\/Lindenpark-Weilheim-300x200.jpg 300w, https:\/\/wohnbau-weilheim.de\/wp-content\/uploads\/2020\/05\/Lindenpark-Weilheim-768x512.jpg 768w, https:\/\/wohnbau-weilheim.de\/wp-content\/uploads\/2020\/05\/Lindenpark-Weilheim.jpg 1387w\" sizes=\"(max-width: 1024px) 100vw, 1024px\" \/><\/figure>\n<\/div>\n<\/div>\n\n\n\n<figure class=\"wp-block-table\"><table><tbody><tr><td class=\"has-text-align-left\" data-align=\"left\"><p style=\"font-size:26px\"><strong><a id=\"#zeitraum2000-2009\" class=\"_mPS2id-t mPS2id-target mPS2id-target-last\"><\/a>2000 &#8211; 2009<\/strong><\/p><p>&nbsp;<\/p><\/td><td class=\"has-text-align-left\" data-align=\"left\"><p style=\"font-size:26px\"><a id=\"zeitraum2000-2009\" class=\"_mPS2id-t mPS2id-target mPS2id-target-last\"><\/a>26 apartments built<\/p><p>&nbsp;<\/p><\/td><\/tr><tr><td class=\"has-text-align-left\" data-align=\"left\">2007<\/td><td class=\"has-text-align-left\" data-align=\"left\">new building of 20 apartments at Waisenhausstra\u00dfe in Weilheim<\/td><\/tr><tr><td class=\"has-text-align-left\" data-align=\"left\">since 2000<\/td><td class=\"has-text-align-left\" data-align=\"left\">improved maintenance and modernisation of the existing building<\/td><\/tr><tr><td class=\"has-text-align-left\" data-align=\"left\">since 2000<\/td><td class=\"has-text-align-left\" data-align=\"left\">from 2000 to 2009 building of 20 additional apartments at Waisenhausstra\u00dfe in Weilheim<\/td><\/tr><\/tbody><\/table><\/figure>\n\n\n\n<p>&nbsp;<\/p>\n\n\n\n<div class=\"wp-block-columns is-layout-flex wp-container-core-columns-is-layout-4 wp-block-columns-is-layout-flex\">\n<div class=\"wp-block-column is-layout-flow wp-block-column-is-layout-flow\">\n<figure class=\"wp-block-image size-full\"><img loading=\"lazy\" decoding=\"async\" width=\"832\" height=\"621\" src=\"https:\/\/wohnbau-weilheim.de\/wp-content\/uploads\/2024\/06\/Screenshot-2024-06-24-151313-1.png\" alt=\"\" class=\"wp-image-8457\" srcset=\"https:\/\/wohnbau-weilheim.de\/wp-content\/uploads\/2024\/06\/Screenshot-2024-06-24-151313-1.png 832w, https:\/\/wohnbau-weilheim.de\/wp-content\/uploads\/2024\/06\/Screenshot-2024-06-24-151313-1-300x224.png 300w, https:\/\/wohnbau-weilheim.de\/wp-content\/uploads\/2024\/06\/Screenshot-2024-06-24-151313-1-768x573.png 768w\" sizes=\"(max-width: 832px) 100vw, 832px\" \/><\/figure>\n<\/div>\n\n\n\n<div class=\"wp-block-column is-layout-flow wp-block-column-is-layout-flow\">\n<figure class=\"wp-block-image size-full\"><img loading=\"lazy\" decoding=\"async\" width=\"832\" height=\"621\" src=\"https:\/\/wohnbau-weilheim.de\/wp-content\/uploads\/2024\/06\/Screenshot-2024-06-24-151313-1.png\" alt=\"\" class=\"wp-image-8457\" srcset=\"https:\/\/wohnbau-weilheim.de\/wp-content\/uploads\/2024\/06\/Screenshot-2024-06-24-151313-1.png 832w, https:\/\/wohnbau-weilheim.de\/wp-content\/uploads\/2024\/06\/Screenshot-2024-06-24-151313-1-300x224.png 300w, https:\/\/wohnbau-weilheim.de\/wp-content\/uploads\/2024\/06\/Screenshot-2024-06-24-151313-1-768x573.png 768w\" sizes=\"(max-width: 832px) 100vw, 832px\" \/><\/figure>\n<\/div>\n<\/div>\n\n\n\n<figure class=\"wp-block-table\"><table><tbody><tr><td class=\"has-text-align-left\" data-align=\"left\"> <p style=\"font-size:26px\"><strong><a id=\"zeitraum1989-1999\"><\/a>1990&nbsp;&#8211;&nbsp;1999<\/strong><\/p><p>&nbsp;<\/p> <\/td><td class=\"has-text-align-left\" data-align=\"left\"><p style=\"font-size:26px\"><a id=\"zeitraum1989-1999\" class=\"_mPS2id-t mPS2id-target\"><\/a>113 apartments built<\/p><p>&nbsp;<\/p><\/td><\/tr><tr><td class=\"has-text-align-left\" data-align=\"left\">until 1999<\/td><td class=\"has-text-align-left\" data-align=\"left\">windows replaced in 510 apartments<\/td><\/tr><tr><td class=\"has-text-align-left\" data-align=\"left\">since 1996<\/td><td class=\"has-text-align-left\" data-align=\"left\">improved maintenance and modernisation of the existing building. E.g. new roofing, gutters, facade coating and insulation<\/td><\/tr><tr><td class=\"has-text-align-left\" data-align=\"left\">since 1995<\/td><td class=\"has-text-align-left\" data-align=\"left\">start of window replacement in existing apartments. Upgrade of wooden windows with thermally insulated plastic windows<\/td><\/tr><tr><td class=\"has-text-align-left\" data-align=\"left\">since 1995<\/td><td class=\"has-text-align-left\" data-align=\"left\">start of incorporating gas floor heating systems during change of tenant<\/td><\/tr><tr><td class=\"has-text-align-left\" data-align=\"left\">1995<\/td><td class=\"has-text-align-left\" data-align=\"left\">occupation of the 1,500th apartment<\/td><\/tr><tr><td class=\"has-text-align-left\" data-align=\"left\">1993<\/td><td class=\"has-text-align-left\" data-align=\"left\">W\u00f6rther-Kirch-Stra\u00dfe in Pei\u00dfenberg with 28 apartments<br>upgrade of existing electric storage heaters and incorporation of community central heating with hot water supply<\/td><\/tr><\/tbody><\/table><\/figure>\n\n\n\n<p>&nbsp;<\/p>\n\n\n\n<div class=\"wp-block-columns is-layout-flex wp-container-core-columns-is-layout-5 wp-block-columns-is-layout-flex\">\n<div class=\"wp-block-column is-layout-flow wp-block-column-is-layout-flow\">\n<figure class=\"wp-block-image size-full\"><img loading=\"lazy\" decoding=\"async\" width=\"832\" height=\"621\" src=\"https:\/\/wohnbau-weilheim.de\/wp-content\/uploads\/2024\/06\/Screenshot-2024-06-24-151313-1.png\" alt=\"\" class=\"wp-image-8457\" srcset=\"https:\/\/wohnbau-weilheim.de\/wp-content\/uploads\/2024\/06\/Screenshot-2024-06-24-151313-1.png 832w, https:\/\/wohnbau-weilheim.de\/wp-content\/uploads\/2024\/06\/Screenshot-2024-06-24-151313-1-300x224.png 300w, https:\/\/wohnbau-weilheim.de\/wp-content\/uploads\/2024\/06\/Screenshot-2024-06-24-151313-1-768x573.png 768w\" sizes=\"(max-width: 832px) 100vw, 832px\" \/><\/figure>\n<\/div>\n\n\n\n<div class=\"wp-block-column is-layout-flow wp-block-column-is-layout-flow\">\n<figure class=\"wp-block-image size-full\"><img loading=\"lazy\" decoding=\"async\" width=\"832\" height=\"621\" src=\"https:\/\/wohnbau-weilheim.de\/wp-content\/uploads\/2024\/06\/Screenshot-2024-06-24-151313-1.png\" alt=\"\" class=\"wp-image-8457\" srcset=\"https:\/\/wohnbau-weilheim.de\/wp-content\/uploads\/2024\/06\/Screenshot-2024-06-24-151313-1.png 832w, https:\/\/wohnbau-weilheim.de\/wp-content\/uploads\/2024\/06\/Screenshot-2024-06-24-151313-1-300x224.png 300w, https:\/\/wohnbau-weilheim.de\/wp-content\/uploads\/2024\/06\/Screenshot-2024-06-24-151313-1-768x573.png 768w\" sizes=\"(max-width: 832px) 100vw, 832px\" \/><\/figure>\n<\/div>\n<\/div>\n\n\n\n<figure class=\"wp-block-table\"><table><tbody><tr><td class=\"has-text-align-left\" data-align=\"left\"><p style=\"font-size:26px\"><strong><a id=\"zeitraum1979-1989\"><\/a>1980 &#8211; 1989<\/strong><\/p><p>&nbsp;<\/p><\/td><td class=\"has-text-align-left\" data-align=\"left\"><p style=\"font-size:26px\"><a id=\"zeitraum1979-1989\" class=\"_mPS2id-t mPS2id-target\"><\/a>456 apartments built<\/p><p>&nbsp;<\/p><\/td><\/tr><tr><td class=\"has-text-align-left\" data-align=\"left\">1985<\/td><td class=\"has-text-align-left\" data-align=\"left\">a decorator was hired due to urgently required painting work<\/td><\/tr><tr><td class=\"has-text-align-left\" data-align=\"left\">1982<\/td><td class=\"has-text-align-left\" data-align=\"left\">number of employees: 1 managing director, 9 administrative employees, 5 caretakers, 3 cleaning personnel<\/td><\/tr><\/tbody><\/table><\/figure>\n\n\n\n<p>&nbsp;<\/p>\n\n\n\n<div class=\"wp-block-columns is-layout-flex wp-container-core-columns-is-layout-6 wp-block-columns-is-layout-flex\">\n<div class=\"wp-block-column is-layout-flow wp-block-column-is-layout-flow\">\n<figure class=\"wp-block-image size-full\"><img loading=\"lazy\" decoding=\"async\" width=\"832\" height=\"621\" src=\"https:\/\/wohnbau-weilheim.de\/wp-content\/uploads\/2024\/06\/Screenshot-2024-06-24-151313-1.png\" alt=\"\" class=\"wp-image-8457\" srcset=\"https:\/\/wohnbau-weilheim.de\/wp-content\/uploads\/2024\/06\/Screenshot-2024-06-24-151313-1.png 832w, https:\/\/wohnbau-weilheim.de\/wp-content\/uploads\/2024\/06\/Screenshot-2024-06-24-151313-1-300x224.png 300w, https:\/\/wohnbau-weilheim.de\/wp-content\/uploads\/2024\/06\/Screenshot-2024-06-24-151313-1-768x573.png 768w\" sizes=\"(max-width: 832px) 100vw, 832px\" \/><\/figure>\n<\/div>\n\n\n\n<div class=\"wp-block-column is-layout-flow wp-block-column-is-layout-flow\">\n<figure class=\"wp-block-image size-full\"><img loading=\"lazy\" decoding=\"async\" width=\"832\" height=\"621\" src=\"https:\/\/wohnbau-weilheim.de\/wp-content\/uploads\/2024\/06\/Screenshot-2024-06-24-151313-1.png\" alt=\"\" class=\"wp-image-8457\" srcset=\"https:\/\/wohnbau-weilheim.de\/wp-content\/uploads\/2024\/06\/Screenshot-2024-06-24-151313-1.png 832w, https:\/\/wohnbau-weilheim.de\/wp-content\/uploads\/2024\/06\/Screenshot-2024-06-24-151313-1-300x224.png 300w, https:\/\/wohnbau-weilheim.de\/wp-content\/uploads\/2024\/06\/Screenshot-2024-06-24-151313-1-768x573.png 768w\" sizes=\"(max-width: 832px) 100vw, 832px\" \/><\/figure>\n<\/div>\n<\/div>\n\n\n\n<figure class=\"wp-block-table\"><table><tbody><tr><td class=\"has-text-align-left\" data-align=\"left\"><p style=\"font-size:26px\"><strong><a id=\"zeitraum1969-1979\"><\/a>1970 &#8211; 1979 <\/strong><\/p><p>&nbsp;<\/p><\/td><td class=\"has-text-align-left\" data-align=\"left\"><p style=\"font-size:26px\"><a id=\"zeitraum1969-1979\" class=\"_mPS2id-t mPS2id-target\"><\/a>156 apartments built<\/p><p>&nbsp;<\/p><\/td><\/tr><tr><td class=\"has-text-align-left\" data-align=\"left\">February 1979<\/td><td class=\"has-text-align-left\" data-align=\"left\">30-year company existence<\/td><\/tr><tr><td class=\"has-text-align-left\" data-align=\"left\">15.3.1976<\/td><td class=\"has-text-align-left\" data-align=\"left\">occupation of the 1975 renovated and upgraded building at Weinhartstra\u00dfe 15; now it is the administrative building of Wohnbau GmbH Weilheim i.OB<\/td><\/tr><tr><td class=\"has-text-align-left\" data-align=\"left\">October 1974<\/td><td class=\"has-text-align-left\" data-align=\"left\">the company became a member of the Municipal Employers&#8217; Association<\/td><\/tr><\/tbody><\/table><\/figure>\n\n\n\n<p>&nbsp;<\/p>\n\n\n\n<div class=\"wp-block-columns is-layout-flex wp-container-core-columns-is-layout-7 wp-block-columns-is-layout-flex\">\n<div class=\"wp-block-column is-layout-flow wp-block-column-is-layout-flow\">\n<figure class=\"wp-block-image size-full\"><img loading=\"lazy\" decoding=\"async\" width=\"832\" height=\"621\" src=\"https:\/\/wohnbau-weilheim.de\/wp-content\/uploads\/2024\/06\/Screenshot-2024-06-24-151313-1.png\" alt=\"\" class=\"wp-image-8457\" srcset=\"https:\/\/wohnbau-weilheim.de\/wp-content\/uploads\/2024\/06\/Screenshot-2024-06-24-151313-1.png 832w, https:\/\/wohnbau-weilheim.de\/wp-content\/uploads\/2024\/06\/Screenshot-2024-06-24-151313-1-300x224.png 300w, https:\/\/wohnbau-weilheim.de\/wp-content\/uploads\/2024\/06\/Screenshot-2024-06-24-151313-1-768x573.png 768w\" sizes=\"(max-width: 832px) 100vw, 832px\" \/><\/figure>\n<\/div>\n\n\n\n<div class=\"wp-block-column is-layout-flow wp-block-column-is-layout-flow\">\n<figure class=\"wp-block-image size-full\"><img loading=\"lazy\" decoding=\"async\" width=\"832\" height=\"621\" src=\"https:\/\/wohnbau-weilheim.de\/wp-content\/uploads\/2024\/06\/Screenshot-2024-06-24-151313-1.png\" alt=\"\" class=\"wp-image-8457\" srcset=\"https:\/\/wohnbau-weilheim.de\/wp-content\/uploads\/2024\/06\/Screenshot-2024-06-24-151313-1.png 832w, https:\/\/wohnbau-weilheim.de\/wp-content\/uploads\/2024\/06\/Screenshot-2024-06-24-151313-1-300x224.png 300w, https:\/\/wohnbau-weilheim.de\/wp-content\/uploads\/2024\/06\/Screenshot-2024-06-24-151313-1-768x573.png 768w\" sizes=\"(max-width: 832px) 100vw, 832px\" \/><\/figure>\n<\/div>\n<\/div>\n\n\n\n<figure class=\"wp-block-table\"><table><tbody><tr><td class=\"has-text-align-left\" data-align=\"left\"><p style=\"font-size:26px\"><strong><a id=\"zeitraum1959-1969\"><\/a>1960 &#8211; 1969<\/strong><\/p><p>&nbsp;<\/p><\/td><td class=\"has-text-align-left\" data-align=\"left\"><p style=\"font-size:26px\"><a id=\"zeitraum1959-1969\" class=\"_mPS2id-t mPS2id-target\"><\/a>437 apartments built<\/p><p>&nbsp;<\/p><\/td><\/tr><tr><td class=\"has-text-align-left\" data-align=\"left\">in autumn 1968<\/td><td class=\"has-text-align-left\" data-align=\"left\">a large-scale project began (57 apartments) to install baths in the existing apartments; prior to this, the apartments only had a shared bath in the basement<\/td><\/tr><tr><td class=\"has-text-align-left\" data-align=\"left\">1st June 1967<\/td><td class=\"has-text-align-left\" data-align=\"left\">occupation of the new building at Werdenfelserstra\u00dfe 19, 21 in Pei\u00dfenberg<\/td><\/tr><tr><td class=\"has-text-align-left\" data-align=\"left\">31.12.1965<\/td><td class=\"has-text-align-left\" data-align=\"left\">dissolution of the municipal association and transformation into a limited liability company: &#8220;Gemeinn\u00fctzige Wohnbau GmbH Weilheim&#8221;<\/td><\/tr><\/tbody><\/table><\/figure>\n\n\n\n<p>&nbsp;<\/p>\n\n\n\n<div class=\"wp-block-columns is-layout-flex wp-container-core-columns-is-layout-8 wp-block-columns-is-layout-flex\">\n<div class=\"wp-block-column is-layout-flow wp-block-column-is-layout-flow\">\n<figure class=\"wp-block-image size-large\"><img loading=\"lazy\" decoding=\"async\" width=\"1024\" height=\"750\" src=\"https:\/\/wohnbau-weilheim.de\/wp-content\/uploads\/2020\/03\/Lindenpark-k-1-1024x750.jpg\" alt=\"\" class=\"wp-image-5293\" style=\"aspect-ratio:4\/3;object-fit:cover\" srcset=\"https:\/\/wohnbau-weilheim.de\/wp-content\/uploads\/2020\/03\/Lindenpark-k-1-1024x750.jpg 1024w, https:\/\/wohnbau-weilheim.de\/wp-content\/uploads\/2020\/03\/Lindenpark-k-1-300x220.jpg 300w, https:\/\/wohnbau-weilheim.de\/wp-content\/uploads\/2020\/03\/Lindenpark-k-1-768x563.jpg 768w, https:\/\/wohnbau-weilheim.de\/wp-content\/uploads\/2020\/03\/Lindenpark-k-1-1536x1125.jpg 1536w, https:\/\/wohnbau-weilheim.de\/wp-content\/uploads\/2020\/03\/Lindenpark-k-1-1475x1080.jpg 1475w, https:\/\/wohnbau-weilheim.de\/wp-content\/uploads\/2020\/03\/Lindenpark-k-1.jpg 1652w\" sizes=\"(max-width: 1024px) 100vw, 1024px\" \/><\/figure>\n<\/div>\n\n\n\n<div class=\"wp-block-column is-layout-flow wp-block-column-is-layout-flow\">\n<figure class=\"wp-block-image size-large\"><img loading=\"lazy\" decoding=\"async\" width=\"1024\" height=\"762\" src=\"https:\/\/wohnbau-weilheim.de\/wp-content\/uploads\/2020\/03\/agnes-k-1-1024x762.jpg\" alt=\"\" class=\"wp-image-5292\" style=\"aspect-ratio:4\/3;object-fit:cover\" srcset=\"https:\/\/wohnbau-weilheim.de\/wp-content\/uploads\/2020\/03\/agnes-k-1-1024x762.jpg 1024w, https:\/\/wohnbau-weilheim.de\/wp-content\/uploads\/2020\/03\/agnes-k-1-300x223.jpg 300w, https:\/\/wohnbau-weilheim.de\/wp-content\/uploads\/2020\/03\/agnes-k-1-768x571.jpg 768w, https:\/\/wohnbau-weilheim.de\/wp-content\/uploads\/2020\/03\/agnes-k-1-1536x1142.jpg 1536w, https:\/\/wohnbau-weilheim.de\/wp-content\/uploads\/2020\/03\/agnes-k-1-1452x1080.jpg 1452w, https:\/\/wohnbau-weilheim.de\/wp-content\/uploads\/2020\/03\/agnes-k-1.jpg 1639w\" sizes=\"(max-width: 1024px) 100vw, 1024px\" \/><\/figure>\n<\/div>\n<\/div>\n\n\n\n<figure class=\"wp-block-table\"><table><tbody><tr><td class=\"has-text-align-left\" data-align=\"left\"><p style=\"font-size:26px\"><strong><a id=\"zeitraum1949-1959\"><\/a>1950 &#8211; 1959<\/strong><\/p><p>&nbsp;<\/p><\/td><td class=\"has-text-align-left\" data-align=\"left\"><p style=\"font-size:26px\"><a id=\"zeitraum1949-1959\" class=\"_mPS2id-t mPS2id-target\"><\/a>574 apartments built<\/p><p>&nbsp;<\/p><\/td><\/tr><tr><td class=\"has-text-align-left\" data-align=\"left\">1959<\/td><td class=\"has-text-align-left\" data-align=\"left\">rent 1,05 DM\/m\u00b2<\/td><\/tr><tr><td class=\"has-text-align-left\" data-align=\"left\">1956<\/td><td class=\"has-text-align-left\" data-align=\"left\">purchase of a VW beetle company car at the original price of 4,000 DM<\/td><\/tr><tr><td class=\"has-text-align-left\" data-align=\"left\">1955<\/td><td class=\"has-text-align-left\" data-align=\"left\">relocation of the municipal association into the new Sparkasse Weilheim building<\/td><\/tr><\/tbody><\/table><\/figure>\n\n\n\n<p>&nbsp;<\/p>\n\n\n\n<div class=\"wp-block-columns is-layout-flex wp-container-core-columns-is-layout-9 wp-block-columns-is-layout-flex\">\n<div class=\"wp-block-column is-layout-flow wp-block-column-is-layout-flow\">\n<figure class=\"wp-block-image size-large\"><img loading=\"lazy\" decoding=\"async\" width=\"1024\" height=\"652\" src=\"https:\/\/wohnbau-weilheim.de\/wp-content\/uploads\/2020\/03\/1952-Weilheim-Nord-5-k-1024x652.jpg\" alt=\"\" class=\"wp-image-5222\" style=\"aspect-ratio:4\/3;object-fit:cover\" srcset=\"https:\/\/wohnbau-weilheim.de\/wp-content\/uploads\/2020\/03\/1952-Weilheim-Nord-5-k-1024x652.jpg 1024w, https:\/\/wohnbau-weilheim.de\/wp-content\/uploads\/2020\/03\/1952-Weilheim-Nord-5-k-300x191.jpg 300w, https:\/\/wohnbau-weilheim.de\/wp-content\/uploads\/2020\/03\/1952-Weilheim-Nord-5-k-768x489.jpg 768w, https:\/\/wohnbau-weilheim.de\/wp-content\/uploads\/2020\/03\/1952-Weilheim-Nord-5-k-1536x978.jpg 1536w, https:\/\/wohnbau-weilheim.de\/wp-content\/uploads\/2020\/03\/1952-Weilheim-Nord-5-k-1697x1080.jpg 1697w, https:\/\/wohnbau-weilheim.de\/wp-content\/uploads\/2020\/03\/1952-Weilheim-Nord-5-k.jpg 1772w\" sizes=\"(max-width: 1024px) 100vw, 1024px\" \/><\/figure>\n<\/div>\n\n\n\n<div class=\"wp-block-column is-layout-flow wp-block-column-is-layout-flow\">\n<figure class=\"wp-block-image size-large\"><img loading=\"lazy\" decoding=\"async\" width=\"1024\" height=\"743\" src=\"https:\/\/wohnbau-weilheim.de\/wp-content\/uploads\/2020\/03\/1956-Neue-Heimat-1956-ohne-Rechte-k-1024x743.jpg\" alt=\"\" class=\"wp-image-5230\" style=\"aspect-ratio:4\/3;object-fit:cover\" srcset=\"https:\/\/wohnbau-weilheim.de\/wp-content\/uploads\/2020\/03\/1956-Neue-Heimat-1956-ohne-Rechte-k-1024x743.jpg 1024w, https:\/\/wohnbau-weilheim.de\/wp-content\/uploads\/2020\/03\/1956-Neue-Heimat-1956-ohne-Rechte-k-300x218.jpg 300w, https:\/\/wohnbau-weilheim.de\/wp-content\/uploads\/2020\/03\/1956-Neue-Heimat-1956-ohne-Rechte-k-768x557.jpg 768w, https:\/\/wohnbau-weilheim.de\/wp-content\/uploads\/2020\/03\/1956-Neue-Heimat-1956-ohne-Rechte-k-1536x1115.jpg 1536w, https:\/\/wohnbau-weilheim.de\/wp-content\/uploads\/2020\/03\/1956-Neue-Heimat-1956-ohne-Rechte-k-1488x1080.jpg 1488w, https:\/\/wohnbau-weilheim.de\/wp-content\/uploads\/2020\/03\/1956-Neue-Heimat-1956-ohne-Rechte-k.jpg 1659w\" sizes=\"(max-width: 1024px) 100vw, 1024px\" \/><\/figure>\n<\/div>\n<\/div>\n\n\n\n<figure class=\"wp-block-table\">\n<table style=\"width: 100%; height: 232px;\">\n<tbody>\n<tr style=\"height: 175px;\">\n<td style=\"height: 175px;\">\n<p style=\"font-size: 26px; text-align: left;\"><strong><a id=\"zeitraum1946-1949\"><\/a>1946 &#8211; 1949<\/strong><\/p>\n<p>\u00a0<\/p>\n<\/td>\n<td style=\"height: 175px;\">\n<p style=\"font-size: 26px; text-align: left;\"><a id=\"zeitraum1946-1949\" class=\"_mPS2id-t mPS2id-target\"><\/a>initial situation<\/p>\n<p>\u00a0<\/p>\n<\/td>\n<\/tr>\n<tr style=\"height: 57px;\">\n<td style=\"text-align: left; height: 57px;\" colspan=\"2\">major demand for accomodation following the Second World War, including in Weilheim<\/td>\n<\/tr>\n<\/tbody>\n<\/table>\n<\/figure>\n\n\n\n<figure class=\"wp-block-table\"><table><tbody><tr><td class=\"has-text-align-left\" data-align=\"left\">4th July 1949<\/td><td class=\"has-text-align-left\" data-align=\"left\">start of construction work on the municipal association with 72 apartments in three buildings, each with 24 apartments at Steinlestra\u00dfe 5, 7, 9 in Weilheim<\/td><\/tr><tr><td class=\"has-text-align-left\" data-align=\"left\">10th Febr. 1949<\/td><td class=\"has-text-align-left\" data-align=\"left\">formation of a municipal association for social housing in the district of Weilheim<br>number of employees: 1 architect, 1 project supervisor, 1 commercial power &#8211; management building in the former Weilheim post office<\/td><\/tr><\/tbody><\/table><\/figure>\n\n\n\n<p><\/p>\n\n\n\n<p>&nbsp;<\/p>\n\n\n\n<div class=\"wp-block-columns is-layout-flex wp-container-core-columns-is-layout-10 wp-block-columns-is-layout-flex\">\n<div class=\"wp-block-column is-layout-flow wp-block-column-is-layout-flow\">\n<figure class=\"wp-block-image size-large\"><img loading=\"lazy\" decoding=\"async\" width=\"1024\" height=\"722\" src=\"https:\/\/wohnbau-weilheim.de\/wp-content\/uploads\/2020\/03\/1946-Hochlandhalle-Vertriebene-1946-k-1024x722.jpg\" alt=\"\" class=\"wp-image-5201\" style=\"aspect-ratio:4\/3;object-fit:cover\" srcset=\"https:\/\/wohnbau-weilheim.de\/wp-content\/uploads\/2020\/03\/1946-Hochlandhalle-Vertriebene-1946-k-1024x722.jpg 1024w, https:\/\/wohnbau-weilheim.de\/wp-content\/uploads\/2020\/03\/1946-Hochlandhalle-Vertriebene-1946-k-300x212.jpg 300w, https:\/\/wohnbau-weilheim.de\/wp-content\/uploads\/2020\/03\/1946-Hochlandhalle-Vertriebene-1946-k-768x542.jpg 768w, https:\/\/wohnbau-weilheim.de\/wp-content\/uploads\/2020\/03\/1946-Hochlandhalle-Vertriebene-1946-k-1536x1083.jpg 1536w, https:\/\/wohnbau-weilheim.de\/wp-content\/uploads\/2020\/03\/1946-Hochlandhalle-Vertriebene-1946-k-1531x1080.jpg 1531w, https:\/\/wohnbau-weilheim.de\/wp-content\/uploads\/2020\/03\/1946-Hochlandhalle-Vertriebene-1946-k.jpg 1683w\" sizes=\"(max-width: 1024px) 100vw, 1024px\" \/><\/figure>\n<\/div>\n\n\n\n<div class=\"wp-block-column is-layout-flow wp-block-column-is-layout-flow\">\n<figure class=\"wp-block-image size-large\"><img loading=\"lazy\" decoding=\"async\" width=\"1024\" height=\"705\" src=\"https:\/\/wohnbau-weilheim.de\/wp-content\/uploads\/2020\/03\/1948-Hochlandhalle-Vertriebene-Zeitungsartikel-1948-k-1024x705.jpg\" alt=\"\" class=\"wp-image-5200\" style=\"aspect-ratio:4\/3;object-fit:cover\" srcset=\"https:\/\/wohnbau-weilheim.de\/wp-content\/uploads\/2020\/03\/1948-Hochlandhalle-Vertriebene-Zeitungsartikel-1948-k-1024x705.jpg 1024w, https:\/\/wohnbau-weilheim.de\/wp-content\/uploads\/2020\/03\/1948-Hochlandhalle-Vertriebene-Zeitungsartikel-1948-k-300x207.jpg 300w, https:\/\/wohnbau-weilheim.de\/wp-content\/uploads\/2020\/03\/1948-Hochlandhalle-Vertriebene-Zeitungsartikel-1948-k-768x529.jpg 768w, https:\/\/wohnbau-weilheim.de\/wp-content\/uploads\/2020\/03\/1948-Hochlandhalle-Vertriebene-Zeitungsartikel-1948-k-1536x1057.jpg 1536w, https:\/\/wohnbau-weilheim.de\/wp-content\/uploads\/2020\/03\/1948-Hochlandhalle-Vertriebene-Zeitungsartikel-1948-k-1569x1080.jpg 1569w, https:\/\/wohnbau-weilheim.de\/wp-content\/uploads\/2020\/03\/1948-Hochlandhalle-Vertriebene-Zeitungsartikel-1948-k.jpg 1704w\" sizes=\"(max-width: 1024px) 100vw, 1024px\" \/><\/figure>\n<\/div>\n\n\n\n<div class=\"wp-block-column is-layout-flow wp-block-column-is-layout-flow\">\n<figure class=\"wp-block-image size-large\"><img loading=\"lazy\" decoding=\"async\" width=\"724\" height=\"1024\" src=\"https:\/\/wohnbau-weilheim.de\/wp-content\/uploads\/2020\/03\/1949-Beschluss-Errichtung-Zweckverband-k-724x1024.jpg\" alt=\"\" class=\"wp-image-5205\" style=\"aspect-ratio:4\/3;object-fit:cover\" srcset=\"https:\/\/wohnbau-weilheim.de\/wp-content\/uploads\/2020\/03\/1949-Beschluss-Errichtung-Zweckverband-k-724x1024.jpg 724w, https:\/\/wohnbau-weilheim.de\/wp-content\/uploads\/2020\/03\/1949-Beschluss-Errichtung-Zweckverband-k-212x300.jpg 212w, https:\/\/wohnbau-weilheim.de\/wp-content\/uploads\/2020\/03\/1949-Beschluss-Errichtung-Zweckverband-k-768x1086.jpg 768w, https:\/\/wohnbau-weilheim.de\/wp-content\/uploads\/2020\/03\/1949-Beschluss-Errichtung-Zweckverband-k-1086x1536.jpg 1086w, https:\/\/wohnbau-weilheim.de\/wp-content\/uploads\/2020\/03\/1949-Beschluss-Errichtung-Zweckverband-k-1024x1448.jpg 1024w, https:\/\/wohnbau-weilheim.de\/wp-content\/uploads\/2020\/03\/1949-Beschluss-Errichtung-Zweckverband-k-764x1080.jpg 764w, https:\/\/wohnbau-weilheim.de\/wp-content\/uploads\/2020\/03\/1949-Beschluss-Errichtung-Zweckverband-k.jpg 1189w\" sizes=\"(max-width: 724px) 100vw, 724px\" \/><\/figure>\n<\/div>\n<\/div>\n\n\n\n<p>&nbsp;<\/p>\n\n\n\n<p>&nbsp;<\/p>\n","protected":false},"excerpt":{"rendered":"<p>history &nbsp; &nbsp; 2020 &#8211; until today 65 apartments built 2022 Groundbreaking ceremony Barbarahof, Pei\u00dfenberg 2022 Completion and occupation Adalbert-Stifter-Stra\u00dfe, Murnau with 30 EoF flats 2020 move-in at Gustavstra\u00dfe, Penzberg with 23 apartments 2020 move-in at Adalbert-Stifter-Stra\u00dfe, Murnau with 12 apartments 2020 partial change of shareholder representatives due to election of new mayors &nbsp; &nbsp;&hellip; <br \/> <a class=\"read-more\" href=\"https:\/\/wohnbau-weilheim.de\/en\/u%cc%88ber-uns\/geschichte\/\">Read more<\/a><\/p>\n","protected":false},"author":1,"featured_media":0,"parent":3964,"menu_order":0,"comment_status":"closed","ping_status":"closed","template":"","meta":{"_acf_changed":false,"footnotes":""},"acf":[],"_links":{"self":[{"href":"https:\/\/wohnbau-weilheim.de\/en\/wp-json\/wp\/v2\/pages\/3979"}],"collection":[{"href":"https:\/\/wohnbau-weilheim.de\/en\/wp-json\/wp\/v2\/pages"}],"about":[{"href":"https:\/\/wohnbau-weilheim.de\/en\/wp-json\/wp\/v2\/types\/page"}],"author":[{"embeddable":true,"href":"https:\/\/wohnbau-weilheim.de\/en\/wp-json\/wp\/v2\/users\/1"}],"replies":[{"embeddable":true,"href":"https:\/\/wohnbau-weilheim.de\/en\/wp-json\/wp\/v2\/comments?post=3979"}],"version-history":[{"count":55,"href":"https:\/\/wohnbau-weilheim.de\/en\/wp-json\/wp\/v2\/pages\/3979\/revisions"}],"predecessor-version":[{"id":8558,"href":"https:\/\/wohnbau-weilheim.de\/en\/wp-json\/wp\/v2\/pages\/3979\/revisions\/8558"}],"up":[{"embeddable":true,"href":"https:\/\/wohnbau-weilheim.de\/en\/wp-json\/wp\/v2\/pages\/3964"}],"wp:attachment":[{"href":"https:\/\/wohnbau-weilheim.de\/en\/wp-json\/wp\/v2\/media?parent=3979"}],"curies":[{"name":"wp","href":"https:\/\/api.w.org\/{rel}","templated":true}]}}